{"id":56813,"date":"2018-02-20T17:35:20","date_gmt":"2018-02-20T16:35:20","guid":{"rendered":"http:\/\/lesmeufin.com\/?page_id=56813"},"modified":"2024-10-28T21:54:49","modified_gmt":"2024-10-28T20:54:49","slug":"nous-ecouter","status":"publish","type":"page","link":"https:\/\/lesmeufin.com\/index.php\/nous-ecouter\/","title":{"rendered":"Nous \u00e9couter"},"content":{"rendered":"\n<h2 class=\"wp-block-heading\"><\/h2>\n\n\n<div class=\"wp-block-image\">\n<figure class=\"aligncenter is-resized\"><a href=\"http:\/\/lesmeufin.com\/index.php\/2020\/02\/14\/galerie-photos\/\"><img loading=\"lazy\" decoding=\"async\" width=\"1024\" height=\"1024\" src=\"http:\/\/lesmeufin.com\/wp-content\/uploads\/2019\/02\/31BD70B5-237A-45B7-B4AC-666AC4095E25-1024x1024.jpeg\" alt=\"\" class=\"wp-image-57389\" style=\"width:512px;height:512px\" srcset=\"https:\/\/lesmeufin.com\/wp-content\/uploads\/2019\/02\/31BD70B5-237A-45B7-B4AC-666AC4095E25-1024x1024.jpeg 1024w, https:\/\/lesmeufin.com\/wp-content\/uploads\/2019\/02\/31BD70B5-237A-45B7-B4AC-666AC4095E25-150x150.jpeg 150w, https:\/\/lesmeufin.com\/wp-content\/uploads\/2019\/02\/31BD70B5-237A-45B7-B4AC-666AC4095E25-300x300.jpeg 300w, https:\/\/lesmeufin.com\/wp-content\/uploads\/2019\/02\/31BD70B5-237A-45B7-B4AC-666AC4095E25-768x768.jpeg 768w, https:\/\/lesmeufin.com\/wp-content\/uploads\/2019\/02\/31BD70B5-237A-45B7-B4AC-666AC4095E25-180x180.jpeg 180w, https:\/\/lesmeufin.com\/wp-content\/uploads\/2019\/02\/31BD70B5-237A-45B7-B4AC-666AC4095E25-600x600.jpeg 600w, https:\/\/lesmeufin.com\/wp-content\/uploads\/2019\/02\/31BD70B5-237A-45B7-B4AC-666AC4095E25.jpeg 1800w\" sizes=\"(max-width: 1024px) 100vw, 1024px\" \/><\/a><\/figure><\/div>\n\n\n<h3 class=\"wp-block-heading has-text-align-center\"><\/h3>\n\n\n\n<p><\/p>\n\n\n\n<p><\/p>\n\n\n\n<div class=\"wp-block-button is-style-outline aligncenter\"><a class=\"wp-block-button__link has-text-color has-background wp-element-button\" href=\"https:\/\/www.francebleu.fr\/emissions\/nouvelle-scene-aquitaine-decouvrez-les-jeunes-artistes-de-notre-region\/les-meuf-in-quatre-filles-remplies-de-vitamines-9839050\" style=\"color:#051015;background-color:#fee122\"><strong> Les Meuf&rsquo;in \u00e0 \u00e9couter sur France Bleu <\/strong><\/a><\/div>\n\n\n\n<div class=\"wp-block-group\"><div class=\"wp-block-group__inner-container is-layout-constrained wp-block-group-is-layout-constrained\">\n<div class=\"wp-block-group\"><div class=\"wp-block-group__inner-container is-layout-constrained wp-block-group-is-layout-constrained\">\n<div class=\"wp-block-media-text is-stacked-on-mobile is-vertically-aligned-bottom\" style=\"grid-template-columns:19% auto\"><figure class=\"wp-block-media-text__media\"><img loading=\"lazy\" decoding=\"async\" width=\"682\" height=\"1024\" src=\"http:\/\/lesmeufin.com\/wp-content\/uploads\/2024\/10\/fanny-detouree-682x1024.png\" alt=\"\" class=\"wp-image-59622 size-full\" srcset=\"https:\/\/lesmeufin.com\/wp-content\/uploads\/2024\/10\/fanny-detouree-682x1024.png 682w, https:\/\/lesmeufin.com\/wp-content\/uploads\/2024\/10\/fanny-detouree-200x300.png 200w, https:\/\/lesmeufin.com\/wp-content\/uploads\/2024\/10\/fanny-detouree-768x1152.png 768w, https:\/\/lesmeufin.com\/wp-content\/uploads\/2024\/10\/fanny-detouree-1024x1536.png 1024w, https:\/\/lesmeufin.com\/wp-content\/uploads\/2024\/10\/fanny-detouree.png 1333w\" sizes=\"(max-width: 682px) 100vw, 682px\" \/><\/figure><div class=\"wp-block-media-text__content\">\n<p><strong>Et un nouvel EP? <\/strong><\/p>\n\n\n\n<p>Demain peut-\u00eatre&#8230;<\/p>\n\n\n\n<figure class=\"wp-block-audio\"><audio controls src=\"http:\/\/lesmeufin.com\/wp-content\/uploads\/2024\/10\/DEUXterludemix-1.mp3\"><\/audio><\/figure>\n<\/div><\/div>\n<\/div><\/div>\n<\/div><\/div>\n\n\n<h3><span class=\"font-156269\"><img loading=\"lazy\" decoding=\"async\" class=\"aligncenter wp-image-58505 size-full\" src=\"http:\/\/lesmeufin.com\/wp-content\/uploads\/2020\/02\/jaquette-Lalpiniste.png\" alt=\"\" width=\"751\" height=\"696\" srcset=\"https:\/\/lesmeufin.com\/wp-content\/uploads\/2020\/02\/jaquette-Lalpiniste.png 751w, https:\/\/lesmeufin.com\/wp-content\/uploads\/2020\/02\/jaquette-Lalpiniste-300x278.png 300w\" sizes=\"(max-width: 751px) 100vw, 751px\" \/><\/span><\/h3>\n<h3 style=\"text-align: center;\"><span class=\"font-377884 font-281409 font-150670\">Apr\u00e8s deux ans de collaboration avec AMPLI (SMAC Bill\u00e8re), les Meuf&rsquo;in ont sorti leur 3\u00e8me album \u00ab\u00a0L&rsquo;alpiniste\u00a0\u00bb en 2020. <\/span><\/h3>\n<h5 style=\"text-align: center;\"><span class=\"font-377884 font-156269 font-175345 font-469130\"><span style=\"color: #ff00ff;\">Merci aux copains, artistes, qui nous ont fait l&rsquo;honneur de leur pr\u00e9sence et leur musicalit\u00e9!<\/span><br \/><\/span><\/h5>\n<h3 style=\"text-align: center;\"><span class=\"font-186110\">3\u00b0 album \u00ab\u00a0L&rsquo;ALPINISTE\u00a0\u00bb<\/span><\/h3>\n<p style=\"text-align: center;\">01 Alpiniste<\/p>\n<p style=\"text-align: center;\"><span style=\"color: #ff99cc;\"><em>En collaboration avec H\u00e9l\u00e8ne NOUAUX \u00e0 la contrebasse et Guillaume NOUAUX \u00e0 la batterie<\/em><\/span><\/p>\n<!--[if lt IE 9]><script>document.createElement('audio');<\/script><![endif]-->\n<audio class=\"wp-audio-shortcode\" id=\"audio-56813-1\" preload=\"none\" style=\"width: 100%;\" controls=\"controls\"><source type=\"audio\/mpeg\" src=\"http:\/\/lesmeufin.com\/wp-content\/uploads\/2020\/02\/Lalpiniste.mp3?_=1\" \/><a href=\"http:\/\/lesmeufin.com\/wp-content\/uploads\/2020\/02\/Lalpiniste.mp3\">http:\/\/lesmeufin.com\/wp-content\/uploads\/2020\/02\/Lalpiniste.mp3<\/a><\/audio>\n<p style=\"text-align: center;\">02 Super grave<\/p>\n<p style=\"text-align: center;\">03 Unterlude<\/p>\n<p style=\"text-align: center;\">04 La valsine<\/p>\n<p style=\"text-align: center;\">05 Mon b\u00e9b\u00e9<\/p>\n<audio class=\"wp-audio-shortcode\" id=\"audio-56813-2\" preload=\"none\" style=\"width: 100%;\" controls=\"controls\"><source type=\"audio\/mpeg\" src=\"http:\/\/lesmeufin.com\/wp-content\/uploads\/2020\/02\/Le-B\u00e9b\u00e9.mp3?_=2\" \/><a href=\"http:\/\/lesmeufin.com\/wp-content\/uploads\/2020\/02\/Le-B\u00e9b\u00e9.mp3\">http:\/\/lesmeufin.com\/wp-content\/uploads\/2020\/02\/Le-B\u00e9b\u00e9.mp3<\/a><\/audio>\n<p style=\"text-align: center;\">06 Deuxtermide<\/p>\n<audio class=\"wp-audio-shortcode\" id=\"audio-56813-3\" preload=\"none\" style=\"width: 100%;\" controls=\"controls\"><source type=\"audio\/mpeg\" src=\"http:\/\/lesmeufin.com\/wp-content\/uploads\/2024\/10\/DEUXterludemix-1.mp3?_=3\" \/><a href=\"http:\/\/lesmeufin.com\/wp-content\/uploads\/2024\/10\/DEUXterludemix-1.mp3\">http:\/\/lesmeufin.com\/wp-content\/uploads\/2024\/10\/DEUXterludemix-1.mp3<\/a><\/audio>\n<p style=\"text-align: center;\">07 La ballade des gens qui chantent faux<\/p>\n<p style=\"text-align: center;\">08 Troisterlude<\/p>\n<p style=\"text-align: center;\">09 La ZAD<\/p>\n<p style=\"text-align: center;\">10 Quatreterlude<\/p>\n<p style=\"text-align: center;\">11 Le blues du <del>beauf<\/del> bof<\/p>\n<p style=\"text-align: center;\">12 Gaspacho<\/p>\n<p style=\"text-align: center;\">13 Cinqterlude<\/p>\n<p style=\"text-align: center;\">14 La ZAD II<\/p>\n<p>\u00a0[\/uncode_list][\/vc_accordion_tab][vc_accordion_tab title=\u00a0\u00bbFOURNEE GENERALE (cliquez ici)\u00a0\u00bb][vc_column_text]<!--more--><\/p>\n<h3><a href=\"_wp_link_placeholder\" data-wplink-edit=\"true\"><span class=\"font-156269\"><img loading=\"lazy\" decoding=\"async\" class=\"size-medium wp-image-57030 aligncenter\" src=\"http:\/\/lesmeufin.com\/wp-content\/uploads\/2018\/02\/affiche-Meufin-sans-bandeau-252x300.jpg\" alt=\"\" width=\"252\" height=\"300\" srcset=\"https:\/\/lesmeufin.com\/wp-content\/uploads\/2018\/02\/affiche-Meufin-sans-bandeau-252x300.jpg 252w, https:\/\/lesmeufin.com\/wp-content\/uploads\/2018\/02\/affiche-Meufin-sans-bandeau-768x915.jpg 768w, https:\/\/lesmeufin.com\/wp-content\/uploads\/2018\/02\/affiche-Meufin-sans-bandeau-860x1024.jpg 860w\" sizes=\"(max-width: 252px) 100vw, 252px\" \/><\/span><\/a><\/h3>\n<h1 style=\"text-align: center;\"><span class=\"font-619362\">Cliquez ici pour l&rsquo;\u00e9couter =&gt; <a href=\"https:\/\/www.deezer.com\/fr\/artist\/487248\" target=\"_blank\" rel=\"noopener\"><span style=\"color: #3366ff;\">Les Meuf&rsquo;in sur Deezer<\/span><\/a><\/span><\/h1>\n<h3 style=\"text-align: center;\"><span class=\"font-377884 font-281409 font-150670\" style=\"color: #634f5e;\">\u00ab\u00a0Fourn\u00e9e g\u00e9n\u00e9rale\u00a0\u00bb, le second album press\u00e9 en 2012, confirme le style du groupe au travers de compositions originales\u00a0: le travail des voix se fait autour de la polyphonie et d\u2019harmonies subtiles, l\u2019humour et la f\u00e9minit\u00e9 sont revendiqu\u00e9s, le souci de la musicalit\u00e9, constant.<\/span><\/h3>\n<h3 style=\"text-align: center;\"><span class=\"font-186110\" style=\"color: #ff00ff;\">2\u00b0 album \u00ab\u00a0FOURNEE GENERALE\u00a0\u00bb<\/span><\/h3>\n<p style=\"text-align: center;\"><span style=\"color: #634f5e;\">01 Sans \u00e9quivoque<\/span><\/p>\n<p style=\"text-align: center;\"><span style=\"color: #634f5e;\">02 Nicole<\/span><\/p>\n<p style=\"text-align: center;\"><span style=\"color: #634f5e;\">03 Hypocondriaque<\/span><\/p>\n<p style=\"text-align: center;\"><span style=\"color: #634f5e;\">04 Anticyclone<\/span><\/p>\n<p style=\"text-align: center;\"><span style=\"color: #634f5e;\">05 Barbie meuf&rsquo;out<\/span><\/p>\n<p style=\"text-align: center;\"><span style=\"color: #634f5e;\">06 Chanson d&rsquo;amor<\/span><\/p>\n<p style=\"text-align: center;\"><span style=\"color: #634f5e;\">07 La complainte du contribuable<\/span><\/p>\n<p style=\"text-align: center;\"><span style=\"color: #634f5e;\">08 C&rsquo;est s\u00fbrement ce qui est arriv\u00e9<\/span><\/p>\n<p style=\"text-align: center;\"><span style=\"color: #634f5e;\">09 Maniak<\/span><\/p>\n<p style=\"text-align: center;\"><span style=\"color: #634f5e;\">10 Cette conne m&rsquo;ennuie<\/span><\/p>\n<p><!--more--><\/p>\n<p><span style=\"color: #634f5e;\">[\/vc_accordion_tab][vc_accordion_tab title=\u00a0\u00bb1\u00e8re Fourn\u00e9e (cliquez ici)\u00a0\u00bb][vc_column_text]<\/span><img loading=\"lazy\" decoding=\"async\" class=\" wp-image-57065 aligncenter\" src=\"http:\/\/lesmeufin.com\/wp-content\/uploads\/2018\/02\/jaquette-face-1\u00e8re-fourn\u00e9e-300x152.png\" alt=\"\" width=\"353\" height=\"179\" srcset=\"https:\/\/lesmeufin.com\/wp-content\/uploads\/2018\/02\/jaquette-face-1\u00e8re-fourn\u00e9e-300x152.png 300w, https:\/\/lesmeufin.com\/wp-content\/uploads\/2018\/02\/jaquette-face-1\u00e8re-fourn\u00e9e.png 704w\" sizes=\"(max-width: 353px) 100vw, 353px\" \/><\/p>\n<h3 style=\"text-align: center;\"><span class=\"font-377884 font-281409 font-150670\" style=\"color: #634f5e;\">En 2010, leur premier album (autoproduit), \u00ab\u00a01<sup>\u00e8re<\/sup> Fourn\u00e9e\u00a0\u00bb, est consacr\u00e9 \u00e0 la reprise de chansons fran\u00e7aises arrang\u00e9es \u00e0 la sauce \u00ab\u00a0humour et polyphonie\u00a0\u00bb. <\/span><\/h3>\n<h3 style=\"text-align: center;\"><span class=\"font-377884 font-281409 font-150670\" style=\"color: #634f5e;\">Fortes des retours chaleureux sur leur musique s\u00e9duisante et leur complicit\u00e9, elles ajoutent des compositions aux identit\u00e9s fortes, toujours accompagn\u00e9es du piano qu\u2019elles jouent \u00e0 tour de r\u00f4le et d\u2019une gestuelle qui se prend pour une chor\u00e9graphie.<\/span><\/h3>\n<h3 style=\"text-align: center;\"><span class=\"font-191843 font-186110\" style=\"color: #ff00ff;\">1\u00e8re Fourn\u00e9e<\/span><\/h3>\n<p style=\"text-align: center;\"><span style=\"color: #634f5e;\">01 Oui mais voil\u00e0<\/span><\/p>\n<p style=\"text-align: center;\"><span style=\"color: #634f5e;\">02 Lolita<\/span><\/p>\n<p style=\"text-align: center;\"><span style=\"color: #634f5e;\">03 P&rsquo;tite pouf<\/span><\/p>\n<p style=\"text-align: center;\"><span style=\"color: #634f5e;\">04 La mauvaise r\u00e9putation<\/span><\/p>\n<p style=\"text-align: center;\"><span style=\"color: #634f5e;\">05 Accord\u00e9on<\/span><\/p>\n<p style=\"text-align: center;\"><span style=\"color: #634f5e;\">06 95 Fois sur 100<\/span><\/p>\n<p style=\"text-align: center;\"><span style=\"color: #634f5e;\">07 J&rsquo;envoie valser<\/span><\/p>\n<p style=\"text-align: center;\"><span style=\"color: #634f5e;\">08 Maigrir<\/span><\/p>\n<p style=\"text-align: center;\"><span style=\"color: #634f5e;\">09 Star minute<\/span><\/p>\n<p style=\"text-align: center;\"><span style=\"color: #634f5e;\">10 Les Frustr\u00e9es<\/span><\/p>\n<p style=\"text-align: center;\"><span style=\"color: #634f5e;\">11 La Salsa du d\u00e9mon<\/span><\/p>\n<h6 style=\"text-align: center;\"><img loading=\"lazy\" decoding=\"async\" class=\"alignnone wp-image-57033 \" src=\"http:\/\/lesmeufin.com\/wp-content\/uploads\/2018\/02\/1\u00e8re-fourn\u00e9e-dos-de-jaquette-1024x806.jpg\" alt=\"\" width=\"413\" height=\"325\" srcset=\"https:\/\/lesmeufin.com\/wp-content\/uploads\/2018\/02\/1\u00e8re-fourn\u00e9e-dos-de-jaquette-1024x806.jpg 1024w, https:\/\/lesmeufin.com\/wp-content\/uploads\/2018\/02\/1\u00e8re-fourn\u00e9e-dos-de-jaquette-300x236.jpg 300w, https:\/\/lesmeufin.com\/wp-content\/uploads\/2018\/02\/1\u00e8re-fourn\u00e9e-dos-de-jaquette-768x604.jpg 768w, https:\/\/lesmeufin.com\/wp-content\/uploads\/2018\/02\/1\u00e8re-fourn\u00e9e-dos-de-jaquette.jpg 1846w\" sizes=\"(max-width: 413px) 100vw, 413px\" \/><\/h6>\n<p>[vc_row row_height_percent=\u00a0\u00bb0&Prime; parallax=\u00a0\u00bbyes\u00a0\u00bb overlay_alpha=\u00a0\u00bb50&Prime; gutter_size=\u00a0\u00bb3&Prime; shift_y=\u00a0\u00bb0&Prime;][vc_column][vc_column_text]<\/p>\n<h3>\u00a0<\/h3>\n<p><!--more--><\/p>\n\n\n\n\n\n\n<p><\/p>\n","protected":false},"excerpt":{"rendered":"<p>Et un nouvel EP? Demain peut-\u00eatre&#8230; Apr\u00e8s deux ans de collaboration avec AMPLI (SMAC Bill\u00e8re), les Meuf&rsquo;in ont sorti leur [&hellip;]<\/p>\n","protected":false},"author":1,"featured_media":59193,"parent":0,"menu_order":0,"comment_status":"closed","ping_status":"closed","template":"","meta":{"footnotes":""},"_links":{"self":[{"href":"https:\/\/lesmeufin.com\/index.php\/wp-json\/wp\/v2\/pages\/56813"}],"collection":[{"href":"https:\/\/lesmeufin.com\/index.php\/wp-json\/wp\/v2\/pages"}],"about":[{"href":"https:\/\/lesmeufin.com\/index.php\/wp-json\/wp\/v2\/types\/page"}],"author":[{"embeddable":true,"href":"https:\/\/lesmeufin.com\/index.php\/wp-json\/wp\/v2\/users\/1"}],"replies":[{"embeddable":true,"href":"https:\/\/lesmeufin.com\/index.php\/wp-json\/wp\/v2\/comments?post=56813"}],"version-history":[{"count":111,"href":"https:\/\/lesmeufin.com\/index.php\/wp-json\/wp\/v2\/pages\/56813\/revisions"}],"predecessor-version":[{"id":59625,"href":"https:\/\/lesmeufin.com\/index.php\/wp-json\/wp\/v2\/pages\/56813\/revisions\/59625"}],"wp:featuredmedia":[{"embeddable":true,"href":"https:\/\/lesmeufin.com\/index.php\/wp-json\/wp\/v2\/media\/59193"}],"wp:attachment":[{"href":"https:\/\/lesmeufin.com\/index.php\/wp-json\/wp\/v2\/media?parent=56813"}],"curies":[{"name":"wp","href":"https:\/\/api.w.org\/{rel}","templated":true}]}}